{"id":13,"date":"2026-01-16T19:44:01","date_gmt":"2026-01-16T19:44:01","guid":{"rendered":"https:\/\/amve.org.uk\/?page_id=13"},"modified":"2026-04-16T14:15:52","modified_gmt":"2026-04-16T14:15:52","slug":"jelentkezes","status":"publish","type":"page","link":"https:\/\/amve.org.uk\/en\/jelentkezes\/","title":{"rendered":"Jelentkez\u00e9s"},"content":{"rendered":"<p>Az <strong>Angliai Magyar Versmond\u00f3k Egyes\u00fclete<\/strong> imm\u00e1r egy \u00e9vtizede bizony\u00edtja, hogy az Egyes\u00fclt Kir\u00e1lys\u00e1g egyik legjelent\u0151sebb magyar kultur\u00e1lis esem\u00e9ny\u00e9t h\u00edvta \u00e9letre \u2013 egy olyan rendezv\u00e9nyt, amely p\u00e9lda\u00e9rt\u00e9k\u0171 \u00f6sszefog\u00e1sb\u00f3l sz\u00fcletett \u00e9s annak erej\u00e9b\u0151l \u00e9vr\u0151l \u00e9vre tov\u00e1bb \u00e9p\u00fcl.<\/p>\n\n\n\n<p>A szaval\u00f3verseny orsz\u00e1ghat\u00e1rokon \u00e1t\u00edvel\u0151 sikere azt mutatja, hogy nem csup\u00e1n a diaszp\u00f3r\u00e1ban \u00e9l\u0151 magyarok sz\u00e1m\u00e1ra teremt\u00fcnk rangos bemutatkoz\u00e1si lehet\u0151s\u00e9get, hanem egyre ink\u00e1bb nemzetk\u00f6zi szintre emelt\u00fck ezt a kiemelked\u0151 kultur\u00e1lis esem\u00e9nyt.<\/p>\n\n\n\n<p>Ez a nap nemcsak a versmond\u00e1sr\u00f3l, hanem a k\u00f6z\u00f6ss\u00e9gr\u0151l, az irodalom szeretet\u00e9r\u0151l \u00e9s az egy\u00fctt meg\u00e9lt \u00e9lm\u00e9nyekr\u0151l sz\u00f3l.<\/p>","protected":false},"excerpt":{"rendered":"<p>Az Angliai Magyar Versmond\u00f3k Egyes\u00fclete imm\u00e1r egy \u00e9vtizede bizony\u00edtja, hogy az Egyes\u00fclt Kir\u00e1lys\u00e1g egyik legjelent\u0151sebb magyar kultur\u00e1lis esem\u00e9ny\u00e9t h\u00edvta \u00e9letre \u2013 egy olyan rendezv\u00e9nyt, amely p\u00e9lda\u00e9rt\u00e9k\u0171 \u00f6sszefog\u00e1sb\u00f3l sz\u00fcletett \u00e9s annak erej\u00e9b\u0151l \u00e9vr\u0151l \u00e9vre tov\u00e1bb \u00e9p\u00fcl. A szaval\u00f3verseny orsz\u00e1ghat\u00e1rokon \u00e1t\u00edvel\u0151 sikere azt mutatja, hogy nem csup\u00e1n a diaszp\u00f3r\u00e1ban \u00e9l\u0151 magyarok sz\u00e1m\u00e1ra teremt\u00fcnk rangos bemutatkoz\u00e1si lehet\u0151s\u00e9get, hanem [&hellip;]<\/p>\n","protected":false},"author":1,"featured_media":2455,"parent":0,"menu_order":0,"comment_status":"closed","ping_status":"closed","template":"","meta":{"_acf_changed":false,"footnotes":""},"class_list":["post-13","page","type-page","status-publish","has-post-thumbnail","hentry"],"acf":[],"_links":{"self":[{"href":"https:\/\/amve.org.uk\/en\/wp-json\/wp\/v2\/pages\/13","targetHints":{"allow":["GET"]}}],"collection":[{"href":"https:\/\/amve.org.uk\/en\/wp-json\/wp\/v2\/pages"}],"about":[{"href":"https:\/\/amve.org.uk\/en\/wp-json\/wp\/v2\/types\/page"}],"author":[{"embeddable":true,"href":"https:\/\/amve.org.uk\/en\/wp-json\/wp\/v2\/users\/1"}],"replies":[{"embeddable":true,"href":"https:\/\/amve.org.uk\/en\/wp-json\/wp\/v2\/comments?post=13"}],"version-history":[{"count":61,"href":"https:\/\/amve.org.uk\/en\/wp-json\/wp\/v2\/pages\/13\/revisions"}],"predecessor-version":[{"id":2996,"href":"https:\/\/amve.org.uk\/en\/wp-json\/wp\/v2\/pages\/13\/revisions\/2996"}],"wp:featuredmedia":[{"embeddable":true,"href":"https:\/\/amve.org.uk\/en\/wp-json\/wp\/v2\/media\/2455"}],"wp:attachment":[{"href":"https:\/\/amve.org.uk\/en\/wp-json\/wp\/v2\/media?parent=13"}],"curies":[{"name":"wp","href":"https:\/\/api.w.org\/{rel}","templated":true}]}}